{"id":424,"date":"2016-12-15T08:34:13","date_gmt":"2016-12-15T07:34:13","guid":{"rendered":"http:\/\/brullsen-hachmuehlen.eu\/?page_id=424"},"modified":"2026-03-08T08:49:04","modified_gmt":"2026-03-08T07:49:04","slug":"foerderverein-hachmuehlen-brullsen","status":"publish","type":"page","link":"https:\/\/brullsen-hachmuehlen.eu\/?page_id=424","title":{"rendered":"F\u00f6rderverein Hachm\u00fchlen\/Brullsen e. V."},"content":{"rendered":"<p><span style=\"text-decoration: underline;\"><strong>Ansprechpartner:<\/strong><\/span><\/p>\n<p><strong>EMail-Adresse des Vereins<\/strong>:\u00a0<a href=\"foerdervereinhb@gmx.de\">foerdervereinhb@gmx.de<\/a><br \/>\n<strong><br \/>\nStefan Markwirth<\/strong>, Vorsitzender<br \/>\n05042\/52669, <a href=\"mailto:u.s.markwirth@t-online.de\">u.s.markwirth@t-online.de<\/a><br \/>\n<strong>Heide H\u00f6nes, <\/strong>Kassenwartin<br \/>\n0173\/5469573, <a href=\"heidekraut64@web.de\">heidekraut64@web.de<\/a><br \/>\n<strong>Svenja Urbahn, <\/strong>Schriftwartin<\/p>\n<p>&nbsp;<\/p>\n<p><strong><img loading=\"lazy\" decoding=\"async\" class=\"alignnone wp-image-4199\" src=\"https:\/\/brullsen-hachmuehlen.eu\/wp-content\/uploads\/2022\/07\/FoeV-Vorstand_Bild_6-2022.jpeg\" alt=\"\" width=\"281\" height=\"281\" srcset=\"https:\/\/brullsen-hachmuehlen.eu\/wp-content\/uploads\/2022\/07\/FoeV-Vorstand_Bild_6-2022.jpeg 480w, https:\/\/brullsen-hachmuehlen.eu\/wp-content\/uploads\/2022\/07\/FoeV-Vorstand_Bild_6-2022-300x300.jpeg 300w, https:\/\/brullsen-hachmuehlen.eu\/wp-content\/uploads\/2022\/07\/FoeV-Vorstand_Bild_6-2022-150x150.jpeg 150w\" sizes=\"auto, (max-width: 281px) 100vw, 281px\" \/><\/strong><\/p>\n<p>Der Verein k\u00fcmmert sich um:<\/p>\n<ul>\n<li>Die F\u00f6rderung des Denkmalschutzes und der Denkmalpflege<\/li>\n<li>Die F\u00f6rderung der Jugend- und Altenhilfe<\/li>\n<li>Die F\u00f6rderung der Heimatpflege und Heimatkunde<\/li>\n<li>Die F\u00f6rderung des b\u00fcrgerlichen Engagements zugunsten gemeinn\u00fctziger Zwecke<\/li>\n<\/ul>\n<p>Gerade in den letzten Jahren hat der F\u00f6V einen erheblichen Mitgliederzuwachs bekommen. Durch B\u00fcrgerinnen und B\u00fcrger, die mithelfen wollen, eine lebens- werte Umgebung in Brullsen und Hachm\u00fchlen zu erhalten und zu gestalten.<br \/>\nDie Unterst\u00fctzung der \u00f6rtlichen Vereine und Institutionen ist dabei eine Kernaufgabe. Aber auch Jugendliche und \u00e4ltere Mitb\u00fcrger werden durch die Aktivit\u00e4ten des F\u00f6rdervereins gef\u00f6rdert. <strong><br \/>\n<\/strong>Der Verein ist gemeinn\u00fctzig.<strong><br \/>\n<\/strong><\/p>\n<p><a href=\"https:\/\/brullsen-hachmuehlen.eu\/wp-content\/uploads\/2019\/02\/Satzung-F\u00f6rderverein-2-2013.pdf\" target=\"_blank\" rel=\"noopener\">Unsere Satzung<\/a><\/p>\n<p><a href=\"https:\/\/brullsen-hachmuehlen.eu\/wp-content\/uploads\/2020\/05\/F\u00f6Verein_Image_Flyer_2020.pdf\">Unser Imageflyer vom F\u00f6rderverein Hachm\u00fchlen\/Brullsen e. V.<\/a><\/p>\n<p><a href=\"https:\/\/brullsen-hachmuehlen.eu\/wp-content\/uploads\/2019\/02\/F\u00f6Vereins-Eintrittserkla\u0308rung-ab-2018_DSGVO-ohne-Internetadresse.pdf\">Beitrittserkl\u00e4rung zum F\u00f6rderverein Hachm\u00fchlen\/Brullsen e. V.<\/a><\/p>\n<p>Und hier vom F\u00f6rderverein herausgegebene Hefte zur Hachm\u00fchler Dorfgeschichte:<\/p>\n<p><a href=\"https:\/\/brullsen-hachmuehlen.eu\/wp-content\/uploads\/2020\/10\/800-Jahre-Hachm\u00fchlen.jpg\" rel=\"lightbox[424]\">Jubil\u00e4umsausgabe 800 Jahre Hachm\u00fchlen 2017<\/a><\/p>\n<p><a href=\"https:\/\/brullsen-hachmuehlen.eu\/wp-content\/uploads\/2020\/10\/777-Jahre-Hachm\u00fchlen.jpg\" rel=\"lightbox[424]\">Jubil\u00e4umsausgabe 777 Jahr Hachm\u00fchlen 1994<\/a><\/p>\n<p><a href=\"https:\/\/brullsen-hachmuehlen.eu\/wp-content\/uploads\/2020\/10\/750-Jahre-Hachm\u00fchlen.jpg\" rel=\"lightbox[424]\">Jubil\u00e4umsausgabe 750 Jahre Hachm\u00fchlen 1967<\/a><\/p>\n<p><a href=\"https:\/\/brullsen-hachmuehlen.eu\/wp-content\/uploads\/2020\/10\/Hachm\u00fchlen-Heft-Die-Gefallenen-des-II.-Weltkrieges.jpg\" rel=\"lightbox[424]\">Hachm\u00fchlen-Heft_1 Die Gefallenen des II .Weltkrieges<\/a><\/p>\n<p><a href=\"https:\/\/brullsen-hachmuehlen.eu\/wp-content\/uploads\/2020\/10\/Hachm\u00fchlen-Heft_2-Damals-....jpg\" rel=\"lightbox[424]\">Hachm\u00fchlen-Heft_2 Damals &#8230;.<\/a><\/p>\n<p><a href=\"https:\/\/brullsen-hachmuehlen.eu\/wp-content\/uploads\/2020\/10\/Hachm\u00fchlen-Heft_3-...bei-uns-im-Dorfe.jpg\" rel=\"lightbox[424]\">Hachm\u00fchlen-Heft_3 &#8230;bei uns im Dorfe<\/a><\/p>\n<p><a href=\"https:\/\/brullsen-hachmuehlen.eu\/wp-content\/uploads\/2020\/10\/Hachm\u00fchlen-Heft_4-Kirchenwege-durch-die-Zeit.jpg\" rel=\"lightbox[424]\">Hachm\u00fchlen-Heft_4 Kirchenwege durch die Zeit<\/a><\/p>\n<p>Diese Hefte sind beim Vorstand und auch im Lesest\u00fcbchen k\u00e4uflich erwerbbar.<br \/>\nEs sind teils nur noch wenige Exemplare vorhanden.<\/p>\n<p><strong>Kontaktadresse:<br \/>\n<\/strong><strong>F\u00f6rderverein Hachm\u00fchlen\/Brullsen e. V.<br \/>\n<\/strong><strong>Stefan Markwirth<br \/>\n<\/strong>In der Sandkuhle 29 A<br \/>\n31848 Bad M\u00fcnder<\/p>\n<div>\n<p><img loading=\"lazy\" decoding=\"async\" class=\"alignnone size-full wp-image-4033\" src=\"https:\/\/brullsen-hachmuehlen.eu\/wp-content\/uploads\/2022\/03\/FoeV-Logo.jpg\" alt=\"\" width=\"147\" height=\"120\" \/><\/p>\n<\/div>\n","protected":false},"excerpt":{"rendered":"<div class=\"mh-excerpt\">Ansprechpartner: EMail-Adresse des Vereins:\u00a0foerdervereinhb@gmx.de Stefan Markwirth, Vorsitzender 05042\/52669, u.s.markwirth@t-online.de Heide H\u00f6nes, Kassenwartin 0173\/5469573, heidekraut64@web.de Svenja Urbahn, Schriftwartin &nbsp; Der Verein k\u00fcmmert sich um: Die F\u00f6rderung des Denkmalschutzes und der Denkmalpflege Die F\u00f6rderung der Jugend- und <a class=\"mh-excerpt-more\" href=\"https:\/\/brullsen-hachmuehlen.eu\/?page_id=424\" title=\"F\u00f6rderverein Hachm\u00fchlen\/Brullsen e. V.\">[&#8230;]<\/a><\/div>\n","protected":false},"author":1,"featured_media":0,"parent":0,"menu_order":0,"comment_status":"closed","ping_status":"closed","template":"template-full.php","meta":{"footnotes":""},"class_list":["post-424","page","type-page","status-publish","hentry"],"_links":{"self":[{"href":"https:\/\/brullsen-hachmuehlen.eu\/index.php?rest_route=\/wp\/v2\/pages\/424","targetHints":{"allow":["GET"]}}],"collection":[{"href":"https:\/\/brullsen-hachmuehlen.eu\/index.php?rest_route=\/wp\/v2\/pages"}],"about":[{"href":"https:\/\/brullsen-hachmuehlen.eu\/index.php?rest_route=\/wp\/v2\/types\/page"}],"author":[{"embeddable":true,"href":"https:\/\/brullsen-hachmuehlen.eu\/index.php?rest_route=\/wp\/v2\/users\/1"}],"replies":[{"embeddable":true,"href":"https:\/\/brullsen-hachmuehlen.eu\/index.php?rest_route=%2Fwp%2Fv2%2Fcomments&post=424"}],"version-history":[{"count":44,"href":"https:\/\/brullsen-hachmuehlen.eu\/index.php?rest_route=\/wp\/v2\/pages\/424\/revisions"}],"predecessor-version":[{"id":5562,"href":"https:\/\/brullsen-hachmuehlen.eu\/index.php?rest_route=\/wp\/v2\/pages\/424\/revisions\/5562"}],"wp:attachment":[{"href":"https:\/\/brullsen-hachmuehlen.eu\/index.php?rest_route=%2Fwp%2Fv2%2Fmedia&parent=424"}],"curies":[{"name":"wp","href":"https:\/\/api.w.org\/{rel}","templated":true}]}}